{"id":108,"date":"2026-07-28T10:39:44","date_gmt":"2026-07-28T17:39:44","guid":{"rendered":"https:\/\/www.enfasis.mx\/?page_id=108"},"modified":"2026-08-21T11:07:50","modified_gmt":"2026-08-21T18:07:50","slug":"enfasis-el-acento-en-la-politica-y-la-economia","status":"publish","type":"page","link":"https:\/\/www.enfasis.mx\/","title":{"rendered":"Inicio"},"content":{"rendered":"\t\t<div data-elementor-type=\"wp-page\" data-elementor-id=\"108\" class=\"elementor elementor-108\">\n\t\t\t\t<div class=\"elementor-element elementor-element-2fe6173 e-flex e-con-boxed e-con e-parent\" data-id=\"2fe6173\" data-element_type=\"container\" data-e-type=\"container\">\n\t\t\t\t\t<div class=\"e-con-inner\">\n\t\t\t\t<div class=\"elementor-element elementor-element-b58c47e elementor-widget elementor-widget-post-tiles\" data-id=\"b58c47e\" data-element_type=\"widget\" data-e-type=\"widget\" data-widget_type=\"post-tiles.default\">\n\t\t\t\t<div class=\"elementor-widget-container\">\n\t\t\t\t\t        <div id=\"wpmagazine-modules-lite-post-tiles-block-b58c47e\" class=\"wpmagazine-modules-lite-post-tiles-block block-b58c47e cvmm-block cvmm-block-post-tiles--layout-default\">\r\n            <div class=\"cvmm-post-tiles-block-main-content-wrap\">\r\n    <div class=\"cvmm-post-tiles-slider-post-wrapper cvmm-post-tiles-full-width\"  data-dots=0 data-loop=1 data-control=1 data-auto=1 data-type=0 data-speed=2500 data-item=1>\r\n                        <article post-id=\"post-318\" class=\"cvmm-post post-format--standard\" itemscope itemtype=\"http:\/\/schema.org\/articleBody\">\r\n                                        <div class=\"cvmm-post-thumb\">\r\n                        <a href=\"https:\/\/www.enfasis.mx\/?p=318\" target=\"_blank\" style=\"background: url( https:\/\/www.enfasis.mx\/wp-content\/uploads\/2026\/09\/brendarios.png ); background-position: center center; background-size: cover\">\r\n                        <\/a>\r\n                    <\/div>\r\n                    \r\n                    <div class=\"cvmm-post-content-all-wrapper\">\r\n                                                <h2 class=\"cvmm-post-title\">\r\n                            <a href=\"https:\/\/www.enfasis.mx\/?p=318\" target=\"_blank\">\r\n                                Brenda Rios encabeza las encuestas de Morena para la alcald\u00eda de Chihuahua                            <\/a>\r\n                        <\/h2>\r\n\r\n                        <div class=\"cvmm-post-meta cvmm-meta-icon-show\">\r\n                                                    <\/div>\r\n                        <div class=\"cvmm-read-more\"><a href=\"https:\/\/www.enfasis.mx\/?p=318\" target=\"_blank\">Read more<i class=\"fas fa-arrow-right\"><\/i><\/a><\/div>                    <\/div><!-- .cvmm-post-content-all-wrapper -->\r\n                <\/article>\r\n                        <article post-id=\"post-315\" class=\"cvmm-post post-format--standard\" itemscope itemtype=\"http:\/\/schema.org\/articleBody\">\r\n                                        <div class=\"cvmm-post-thumb\">\r\n                        <a href=\"https:\/\/www.enfasis.mx\/?p=315\" target=\"_blank\" style=\"background: url( https:\/\/www.enfasis.mx\/wp-content\/uploads\/2026\/09\/Guadalupe-Juarez-en-vilo.png ); background-position: center center; background-size: cover\">\r\n                        <\/a>\r\n                    <\/div>\r\n                    \r\n                    <div class=\"cvmm-post-content-all-wrapper\">\r\n                                                <h2 class=\"cvmm-post-title\">\r\n                            <a href=\"https:\/\/www.enfasis.mx\/?p=315\" target=\"_blank\">\r\n                                FRONTERA EN VILO                            <\/a>\r\n                        <\/h2>\r\n\r\n                        <div class=\"cvmm-post-meta cvmm-meta-icon-show\">\r\n                                                    <\/div>\r\n                        <div class=\"cvmm-read-more\"><a href=\"https:\/\/www.enfasis.mx\/?p=315\" target=\"_blank\">Read more<i class=\"fas fa-arrow-right\"><\/i><\/a><\/div>                    <\/div><!-- .cvmm-post-content-all-wrapper -->\r\n                <\/article>\r\n                        <article post-id=\"post-306\" class=\"cvmm-post post-format--standard\" itemscope itemtype=\"http:\/\/schema.org\/articleBody\">\r\n                                        <div class=\"cvmm-post-thumb\">\r\n                        <a href=\"https:\/\/www.enfasis.mx\/?p=306\" target=\"_blank\" style=\"background: url( https:\/\/www.enfasis.mx\/wp-content\/uploads\/2026\/09\/Paco-1-4.png ); background-position: center center; background-size: cover\">\r\n                        <\/a>\r\n                    <\/div>\r\n                    \r\n                    <div class=\"cvmm-post-content-all-wrapper\">\r\n                                                <h2 class=\"cvmm-post-title\">\r\n                            <a href=\"https:\/\/www.enfasis.mx\/?p=306\" target=\"_blank\">\r\n                                Chihuahua 2027: la ventaja de Morena y la resistencia hist\u00f3rica del PAN                            <\/a>\r\n                        <\/h2>\r\n\r\n                        <div class=\"cvmm-post-meta cvmm-meta-icon-show\">\r\n                                                    <\/div>\r\n                        <div class=\"cvmm-read-more\"><a href=\"https:\/\/www.enfasis.mx\/?p=306\" target=\"_blank\">Read more<i class=\"fas fa-arrow-right\"><\/i><\/a><\/div>                    <\/div><!-- .cvmm-post-content-all-wrapper -->\r\n                <\/article>\r\n                        <article post-id=\"post-284\" class=\"cvmm-post post-format--standard\" itemscope itemtype=\"http:\/\/schema.org\/articleBody\">\r\n                                        <div class=\"cvmm-post-thumb\">\r\n                        <a href=\"https:\/\/www.enfasis.mx\/?p=284\" target=\"_blank\" style=\"background: url( https:\/\/www.enfasis.mx\/wp-content\/uploads\/2026\/09\/Mario-Alvarez-Municipios.png ); background-position: center center; background-size: cover\">\r\n                        <\/a>\r\n                    <\/div>\r\n                    \r\n                    <div class=\"cvmm-post-content-all-wrapper\">\r\n                                                <h2 class=\"cvmm-post-title\">\r\n                            <a href=\"https:\/\/www.enfasis.mx\/?p=284\" target=\"_blank\">\r\n                                El pa\u00eds cambia. \u00bfY nuestros municipios?                            <\/a>\r\n                        <\/h2>\r\n\r\n                        <div class=\"cvmm-post-meta cvmm-meta-icon-show\">\r\n                                                    <\/div>\r\n                        <div class=\"cvmm-read-more\"><a href=\"https:\/\/www.enfasis.mx\/?p=284\" target=\"_blank\">Read more<i class=\"fas fa-arrow-right\"><\/i><\/a><\/div>                    <\/div><!-- .cvmm-post-content-all-wrapper -->\r\n                <\/article>\r\n                        <article post-id=\"post-280\" class=\"cvmm-post post-format--standard\" itemscope itemtype=\"http:\/\/schema.org\/articleBody\">\r\n                                        <div class=\"cvmm-post-thumb\">\r\n                        <a href=\"https:\/\/www.enfasis.mx\/?p=280\" target=\"_blank\" style=\"background: url( https:\/\/www.enfasis.mx\/wp-content\/uploads\/2026\/09\/tte.png ); background-position: center center; background-size: cover\">\r\n                        <\/a>\r\n                    <\/div>\r\n                    \r\n                    <div class=\"cvmm-post-content-all-wrapper\">\r\n                                                <h2 class=\"cvmm-post-title\">\r\n                            <a href=\"https:\/\/www.enfasis.mx\/?p=280\" target=\"_blank\">\r\n                                Guillermo Luj\u00e1n respalda a C\u00e9sar J\u00e1uregui y pide consultar a militantes y ciudadanos                            <\/a>\r\n                        <\/h2>\r\n\r\n                        <div class=\"cvmm-post-meta cvmm-meta-icon-show\">\r\n                                                    <\/div>\r\n                        <div class=\"cvmm-read-more\"><a href=\"https:\/\/www.enfasis.mx\/?p=280\" target=\"_blank\">Read more<i class=\"fas fa-arrow-right\"><\/i><\/a><\/div>                    <\/div><!-- .cvmm-post-content-all-wrapper -->\r\n                <\/article>\r\n                        <article post-id=\"post-276\" class=\"cvmm-post post-format--standard\" itemscope itemtype=\"http:\/\/schema.org\/articleBody\">\r\n                                        <div class=\"cvmm-post-thumb\">\r\n                        <a href=\"https:\/\/www.enfasis.mx\/?p=276\" target=\"_blank\" style=\"background: url( https:\/\/www.enfasis.mx\/wp-content\/uploads\/2026\/09\/No-memoria.png ); background-position: center center; background-size: cover\">\r\n                        <\/a>\r\n                    <\/div>\r\n                    \r\n                    <div class=\"cvmm-post-content-all-wrapper\">\r\n                                                <h2 class=\"cvmm-post-title\">\r\n                            <a href=\"https:\/\/www.enfasis.mx\/?p=276\" target=\"_blank\">\r\n                                La pol\u00edtica tambi\u00e9n tiene memoria                            <\/a>\r\n                        <\/h2>\r\n\r\n                        <div class=\"cvmm-post-meta cvmm-meta-icon-show\">\r\n                                                    <\/div>\r\n                        <div class=\"cvmm-read-more\"><a href=\"https:\/\/www.enfasis.mx\/?p=276\" target=\"_blank\">Read more<i class=\"fas fa-arrow-right\"><\/i><\/a><\/div>                    <\/div><!-- .cvmm-post-content-all-wrapper -->\r\n                <\/article>\r\n                        <article post-id=\"post-252\" class=\"cvmm-post post-format--standard\" itemscope itemtype=\"http:\/\/schema.org\/articleBody\">\r\n                                        <div class=\"cvmm-post-thumb\">\r\n                        <a href=\"https:\/\/www.enfasis.mx\/?p=252\" target=\"_blank\" style=\"background: url( https:\/\/www.enfasis.mx\/wp-content\/uploads\/2026\/08\/Screenshot-2026-08-31-at-5.38.13-p.m-scaled.png ); background-position: center center; background-size: cover\">\r\n                        <\/a>\r\n                    <\/div>\r\n                    \r\n                    <div class=\"cvmm-post-content-all-wrapper\">\r\n                                                <h2 class=\"cvmm-post-title\">\r\n                            <a href=\"https:\/\/www.enfasis.mx\/?p=252\" target=\"_blank\">\r\n                                Enfasis el podcast: Francisco Ortiz entrevista a Juli\u00e1n Lebar\u00f3n                            <\/a>\r\n                        <\/h2>\r\n\r\n                        <div class=\"cvmm-post-meta cvmm-meta-icon-show\">\r\n                                                    <\/div>\r\n                        <div class=\"cvmm-read-more\"><a href=\"https:\/\/www.enfasis.mx\/?p=252\" target=\"_blank\">Read more<i class=\"fas fa-arrow-right\"><\/i><\/a><\/div>                    <\/div><!-- .cvmm-post-content-all-wrapper -->\r\n                <\/article>\r\n                        <article post-id=\"post-245\" class=\"cvmm-post post-format--standard\" itemscope itemtype=\"http:\/\/schema.org\/articleBody\">\r\n                                        <div class=\"cvmm-post-thumb\">\r\n                        <a href=\"https:\/\/www.enfasis.mx\/?p=245\" target=\"_blank\" style=\"background: url( https:\/\/www.enfasis.mx\/wp-content\/uploads\/2026\/08\/Carlos-Silva-3.png ); background-position: center center; background-size: cover\">\r\n                        <\/a>\r\n                    <\/div>\r\n                    \r\n                    <div class=\"cvmm-post-content-all-wrapper\">\r\n                                                <h2 class=\"cvmm-post-title\">\r\n                            <a href=\"https:\/\/www.enfasis.mx\/?p=245\" target=\"_blank\">\r\n                                El Blindaje Legislativo de AMLO: Blindar a la Presidenta y el Juego de Sombras del Poder Real.                            <\/a>\r\n                        <\/h2>\r\n\r\n                        <div class=\"cvmm-post-meta cvmm-meta-icon-show\">\r\n                                                    <\/div>\r\n                        <div class=\"cvmm-read-more\"><a href=\"https:\/\/www.enfasis.mx\/?p=245\" target=\"_blank\">Read more<i class=\"fas fa-arrow-right\"><\/i><\/a><\/div>                    <\/div><!-- .cvmm-post-content-all-wrapper -->\r\n                <\/article>\r\n                        <article post-id=\"post-241\" class=\"cvmm-post post-format--standard\" itemscope itemtype=\"http:\/\/schema.org\/articleBody\">\r\n                                        <div class=\"cvmm-post-thumb\">\r\n                        <a href=\"https:\/\/www.enfasis.mx\/?p=241\" target=\"_blank\" style=\"background: url( https:\/\/www.enfasis.mx\/wp-content\/uploads\/2026\/08\/Guadalupe-La-factura-invisible-1.png ); background-position: center center; background-size: cover\">\r\n                        <\/a>\r\n                    <\/div>\r\n                    \r\n                    <div class=\"cvmm-post-content-all-wrapper\">\r\n                                                <h2 class=\"cvmm-post-title\">\r\n                            <a href=\"https:\/\/www.enfasis.mx\/?p=241\" target=\"_blank\">\r\n                                La factura invisible de Ciudad Ju\u00e1rez                            <\/a>\r\n                        <\/h2>\r\n\r\n                        <div class=\"cvmm-post-meta cvmm-meta-icon-show\">\r\n                                                    <\/div>\r\n                        <div class=\"cvmm-read-more\"><a href=\"https:\/\/www.enfasis.mx\/?p=241\" target=\"_blank\">Read more<i class=\"fas fa-arrow-right\"><\/i><\/a><\/div>                    <\/div><!-- .cvmm-post-content-all-wrapper -->\r\n                <\/article>\r\n                        <article post-id=\"post-238\" class=\"cvmm-post post-format--standard\" itemscope itemtype=\"http:\/\/schema.org\/articleBody\">\r\n                                        <div class=\"cvmm-post-thumb\">\r\n                        <a href=\"https:\/\/www.enfasis.mx\/?p=238\" target=\"_blank\" style=\"background: url( https:\/\/www.enfasis.mx\/wp-content\/uploads\/2026\/08\/Cesar-Encuesta.png ); background-position: center center; background-size: cover\">\r\n                        <\/a>\r\n                    <\/div>\r\n                    \r\n                    <div class=\"cvmm-post-content-all-wrapper\">\r\n                                                <h2 class=\"cvmm-post-title\">\r\n                            <a href=\"https:\/\/www.enfasis.mx\/?p=238\" target=\"_blank\">\r\n                                Encuesta de Lorena Becerra es un indicador claro para definir candidaturas: C\u00e9sar J\u00e1uregui                            <\/a>\r\n                        <\/h2>\r\n\r\n                        <div class=\"cvmm-post-meta cvmm-meta-icon-show\">\r\n                                                    <\/div>\r\n                        <div class=\"cvmm-read-more\"><a href=\"https:\/\/www.enfasis.mx\/?p=238\" target=\"_blank\">Read more<i class=\"fas fa-arrow-right\"><\/i><\/a><\/div>                    <\/div><!-- .cvmm-post-content-all-wrapper -->\r\n                <\/article>\r\n            <\/div><!-- .cvmm-slider-post-wrapper -->\r\n    <\/div><!-- .cvmm-slider-block-main-content-wrap -->        <\/div><!-- #wpmagazine-modules-lite-banner-block -->\r\n    \t\t\t\t<\/div>\n\t\t\t\t<\/div>\n\t\t\t\t\t<\/div>\n\t\t\t\t<\/div>\n\t\t<div class=\"elementor-element elementor-element-2111dcd e-flex e-con-boxed e-con e-parent\" data-id=\"2111dcd\" data-element_type=\"container\" data-e-type=\"container\">\n\t\t\t\t\t<div class=\"e-con-inner\">\n\t\t\t\t<div class=\"elementor-element elementor-element-a04a951 elementor-widget elementor-widget-post-grid\" data-id=\"a04a951\" data-element_type=\"widget\" data-e-type=\"widget\" data-widget_type=\"post-grid.default\">\n\t\t\t\t<div class=\"elementor-widget-container\">\n\t\t\t\t\t<div id=\"wpmagazine-modules-lite-post-grid-block-a04a951\" class=\"wpmagazine-modules-lite-post-grid-block block-a04a951 cvmm-block cvmm-block-post-grid--layout-default\">    <div class=\"cvmm-post-wrapper cvmm-post--imagemargin column--two\">\r\n                        <article post-id=\"post-318\" class=\"cvmm-post post-format--standard\" itemscope itemtype=\"http:\/\/schema.org\/articleBody\">\r\n                                                <div class=\"cvmm-post-thumb\">\r\n                                <a href=\"https:\/\/www.enfasis.mx\/?p=318\" target=\"_blank\"><img decoding=\"async\" src=\"https:\/\/www.enfasis.mx\/wp-content\/uploads\/2026\/09\/brendarios.png\" alt=\"Brenda Rios encabeza las encuestas de Morena para la alcald\u00eda de Chihuahua\"\/><\/a>\r\n                            <\/div>\r\n                                                <h2 class=\"cvmm-post-title\">\r\n                                <a href=\"https:\/\/www.enfasis.mx\/?p=318\" target=\"_blank\">\r\n                                    Brenda Rios encabeza las encuestas de Morena para la alcald\u00eda de Chihuahua                                <\/a>\r\n                            <\/h2>\r\n                    \r\n                    <div class=\"cvmm-post-meta cvmm-meta-icon-hide\">\r\n                                            <\/div>\r\n                                    <\/article>\r\n                        <article post-id=\"post-315\" class=\"cvmm-post post-format--standard\" itemscope itemtype=\"http:\/\/schema.org\/articleBody\">\r\n                                                <div class=\"cvmm-post-thumb\">\r\n                                <a href=\"https:\/\/www.enfasis.mx\/?p=315\" target=\"_blank\"><img decoding=\"async\" src=\"https:\/\/www.enfasis.mx\/wp-content\/uploads\/2026\/09\/Guadalupe-Juarez-en-vilo.png\" alt=\"FRONTERA EN VILO\"\/><\/a>\r\n                            <\/div>\r\n                                                <h2 class=\"cvmm-post-title\">\r\n                                <a href=\"https:\/\/www.enfasis.mx\/?p=315\" target=\"_blank\">\r\n                                    FRONTERA EN VILO                                <\/a>\r\n                            <\/h2>\r\n                    \r\n                    <div class=\"cvmm-post-meta cvmm-meta-icon-hide\">\r\n                                            <\/div>\r\n                                    <\/article>\r\n                        <article post-id=\"post-306\" class=\"cvmm-post post-format--standard\" itemscope itemtype=\"http:\/\/schema.org\/articleBody\">\r\n                                                <div class=\"cvmm-post-thumb\">\r\n                                <a href=\"https:\/\/www.enfasis.mx\/?p=306\" target=\"_blank\"><img decoding=\"async\" src=\"https:\/\/www.enfasis.mx\/wp-content\/uploads\/2026\/09\/Paco-1-4.png\" alt=\"Chihuahua 2027: la ventaja de Morena y la resistencia hist\u00f3rica del PAN\"\/><\/a>\r\n                            <\/div>\r\n                                                <h2 class=\"cvmm-post-title\">\r\n                                <a href=\"https:\/\/www.enfasis.mx\/?p=306\" target=\"_blank\">\r\n                                    Chihuahua 2027: la ventaja de Morena y la resistencia hist\u00f3rica del PAN                                <\/a>\r\n                            <\/h2>\r\n                    \r\n                    <div class=\"cvmm-post-meta cvmm-meta-icon-hide\">\r\n                                            <\/div>\r\n                                    <\/article>\r\n                        <article post-id=\"post-284\" class=\"cvmm-post post-format--standard\" itemscope itemtype=\"http:\/\/schema.org\/articleBody\">\r\n                                                <div class=\"cvmm-post-thumb\">\r\n                                <a href=\"https:\/\/www.enfasis.mx\/?p=284\" target=\"_blank\"><img decoding=\"async\" src=\"https:\/\/www.enfasis.mx\/wp-content\/uploads\/2026\/09\/Mario-Alvarez-Municipios.png\" alt=\"El pa\u00eds cambia. \u00bfY nuestros municipios?\"\/><\/a>\r\n                            <\/div>\r\n                                                <h2 class=\"cvmm-post-title\">\r\n                                <a href=\"https:\/\/www.enfasis.mx\/?p=284\" target=\"_blank\">\r\n                                    El pa\u00eds cambia. \u00bfY nuestros municipios?                                <\/a>\r\n                            <\/h2>\r\n                    \r\n                    <div class=\"cvmm-post-meta cvmm-meta-icon-hide\">\r\n                                            <\/div>\r\n                                    <\/article>\r\n            <\/div><\/div><!-- #wpmagazine-modules-lite-post-grid-block -->\t\t\t\t<\/div>\n\t\t\t\t<\/div>\n\t\t\t\t\t<\/div>\n\t\t\t\t<\/div>\n\t\t<div class=\"elementor-element elementor-element-ed8ec12 e-con e-atomic-element e-flexbox-base \" data-id=\"ed8ec12\" data-element_type=\"e-flexbox\" data-e-type=\"e-flexbox\" data-interaction-id=\"ed8ec12\">\n    \t\t\t<p class=\"e-paragraph-base\" data-interaction-id=\"c8a134c\"><\/p>\n\t\t\n<\/div>\n\t\t<\/div>\n\t\t","protected":false},"excerpt":{"rendered":"<p>Ju\u00e1rez ya no puede vivir solamente de la maquila Read more El Cabildo frente al espejo Read more \u00bfBlackRock detr\u00e1s de la fortaleza del peso? Read more Se le acab\u00f3 la racha al consumo mexicano: Read more J\u00e1uregui: reglas claras, medici\u00f3n y apertura para definir al mejor perfil en Chihuahua capital Read more EL EFECTO [&hellip;]<\/p>\n","protected":false},"author":1,"featured_media":0,"parent":0,"menu_order":0,"comment_status":"closed","ping_status":"closed","template":"","meta":{"footnotes":""},"class_list":["post-108","page","type-page","status-publish","hentry"],"aioseo_notices":[],"aioseo_head":"\n\t\t<!-- All in One SEO 4.9.10 - aioseo.com -->\n\t<meta name=\"description\" content=\"Ju\u00e1rez ya no puede vivir solamente de la maquila Read more El Cabildo frente al espejo Read more \u00bfBlackRock detr\u00e1s de la fortaleza del peso? Read more Se le acab\u00f3 la racha al consumo mexicano: Read more J\u00e1uregui: reglas claras, medici\u00f3n y apertura para definir al mejor perfil en Chihuahua capital Read more EL EFECTO\" \/>\n\t<meta name=\"robots\" content=\"max-image-preview:large\" \/>\n\t<meta name=\"google-site-verification\" content=\"jlwkLGgnMBpX8ktutl9e1D8Kvl7Rh7xmXQIHtOLk65U\" \/>\n\t<link rel=\"canonical\" href=\"https:\/\/www.enfasis.mx\/\" \/>\n\t<meta name=\"generator\" content=\"All in One SEO (AIOSEO) 4.9.10\" \/>\n\t\t<meta property=\"og:locale\" content=\"en_US\" \/>\n\t\t<meta property=\"og:site_name\" content=\"\u00c9nfasis - El acento en la econom\u00eda y la pol\u00edtica\" \/>\n\t\t<meta property=\"og:type\" content=\"article\" \/>\n\t\t<meta property=\"og:title\" content=\"Inicio - \u00c9nfasis\" \/>\n\t\t<meta property=\"og:description\" content=\"Ju\u00e1rez ya no puede vivir solamente de la maquila Read more El Cabildo frente al espejo Read more \u00bfBlackRock detr\u00e1s de la fortaleza del peso? Read more Se le acab\u00f3 la racha al consumo mexicano: Read more J\u00e1uregui: reglas claras, medici\u00f3n y apertura para definir al mejor perfil en Chihuahua capital Read more EL EFECTO\" \/>\n\t\t<meta property=\"og:url\" content=\"https:\/\/www.enfasis.mx\/\" \/>\n\t\t<meta property=\"og:image\" content=\"https:\/\/www.enfasis.mx\/wp-content\/uploads\/2026\/07\/Enfasis-Logo-1.png\" \/>\n\t\t<meta property=\"og:image:secure_url\" content=\"https:\/\/www.enfasis.mx\/wp-content\/uploads\/2026\/07\/Enfasis-Logo-1.png\" \/>\n\t\t<meta property=\"og:image:width\" content=\"500\" \/>\n\t\t<meta property=\"og:image:height\" content=\"167\" \/>\n\t\t<meta property=\"article:published_time\" content=\"2026-07-28T17:39:44+00:00\" \/>\n\t\t<meta property=\"article:modified_time\" content=\"2026-08-21T18:07:50+00:00\" \/>\n\t\t<meta name=\"twitter:card\" content=\"summary_large_image\" \/>\n\t\t<meta name=\"twitter:title\" content=\"Inicio - \u00c9nfasis\" \/>\n\t\t<meta name=\"twitter:description\" content=\"Ju\u00e1rez ya no puede vivir solamente de la maquila Read more El Cabildo frente al espejo Read more \u00bfBlackRock detr\u00e1s de la fortaleza del peso? Read more Se le acab\u00f3 la racha al consumo mexicano: Read more J\u00e1uregui: reglas claras, medici\u00f3n y apertura para definir al mejor perfil en Chihuahua capital Read more EL EFECTO\" \/>\n\t\t<meta name=\"twitter:image\" content=\"http:\/\/www.enfasis.mx\/wp-content\/uploads\/2026\/07\/Enfasis-Logo-1.png\" \/>\n\t\t<script type=\"application\/ld+json\" class=\"aioseo-schema\">\n\t\t\t{\"@context\":\"https:\\\/\\\/schema.org\",\"@graph\":[{\"@type\":\"BreadcrumbList\",\"@id\":\"https:\\\/\\\/www.enfasis.mx\\\/#breadcrumblist\",\"itemListElement\":[{\"@type\":\"ListItem\",\"@id\":\"https:\\\/\\\/www.enfasis.mx#listItem\",\"position\":1,\"name\":\"Home\",\"item\":\"https:\\\/\\\/www.enfasis.mx\",\"nextItem\":{\"@type\":\"ListItem\",\"@id\":\"https:\\\/\\\/www.enfasis.mx\\\/#listItem\",\"name\":\"Inicio\"}},{\"@type\":\"ListItem\",\"@id\":\"https:\\\/\\\/www.enfasis.mx\\\/#listItem\",\"position\":2,\"name\":\"Inicio\",\"previousItem\":{\"@type\":\"ListItem\",\"@id\":\"https:\\\/\\\/www.enfasis.mx#listItem\",\"name\":\"Home\"}}]},{\"@type\":\"Organization\",\"@id\":\"https:\\\/\\\/www.enfasis.mx\\\/#organization\",\"name\":\"\\u00c9nfasis Ser Empresario\",\"description\":\"El acento en la econom\\u00eda y la pol\\u00edtica Grupo Editorial Fundado en 1998, su marca insignia es REVISTA SER EMPRESARIO la revista empresarial mas importante del Estado\",\"url\":\"https:\\\/\\\/www.enfasis.mx\\\/\",\"logo\":{\"@type\":\"ImageObject\",\"url\":\"http:\\\/\\\/www.enfasis.mx\\\/wp-content\\\/uploads\\\/2026\\\/07\\\/Enfasis-Logo-1.png\",\"@id\":\"https:\\\/\\\/www.enfasis.mx\\\/#organizationLogo\"},\"image\":{\"@id\":\"https:\\\/\\\/www.enfasis.mx\\\/#organizationLogo\"}},{\"@type\":\"Person\",\"@id\":\"https:\\\/\\\/www.enfasis.mx\\\/?author=1#author\",\"url\":\"https:\\\/\\\/www.enfasis.mx\\\/?author=1\",\"name\":\"user\"},{\"@type\":\"WebPage\",\"@id\":\"https:\\\/\\\/www.enfasis.mx\\\/#webpage\",\"url\":\"https:\\\/\\\/www.enfasis.mx\\\/\",\"name\":\"Inicio - \\u00c9nfasis\",\"description\":\"Ju\\u00e1rez ya no puede vivir solamente de la maquila Read more El Cabildo frente al espejo Read more \\u00bfBlackRock detr\\u00e1s de la fortaleza del peso? Read more Se le acab\\u00f3 la racha al consumo mexicano: Read more J\\u00e1uregui: reglas claras, medici\\u00f3n y apertura para definir al mejor perfil en Chihuahua capital Read more EL EFECTO\",\"inLanguage\":\"en-US\",\"isPartOf\":{\"@id\":\"https:\\\/\\\/www.enfasis.mx\\\/#website\"},\"breadcrumb\":{\"@id\":\"https:\\\/\\\/www.enfasis.mx\\\/#breadcrumblist\"},\"author\":{\"@id\":\"https:\\\/\\\/www.enfasis.mx\\\/?author=1#author\"},\"creator\":{\"@id\":\"https:\\\/\\\/www.enfasis.mx\\\/?author=1#author\"},\"datePublished\":\"2026-07-28T10:39:44-07:00\",\"dateModified\":\"2026-08-21T11:07:50-07:00\"},{\"@type\":\"WebSite\",\"@id\":\"https:\\\/\\\/www.enfasis.mx\\\/#website\",\"url\":\"https:\\\/\\\/www.enfasis.mx\\\/\",\"name\":\"\\u00c9nfasis\",\"description\":\"El acento en la econom\\u00eda y la pol\\u00edtica\",\"inLanguage\":\"en-US\",\"publisher\":{\"@id\":\"https:\\\/\\\/www.enfasis.mx\\\/#organization\"}}]}\n\t\t<\/script>\n\t\t<!-- All in One SEO -->\n\n","aioseo_head_json":{"title":"Inicio - \u00c9nfasis","description":"Ju\u00e1rez ya no puede vivir solamente de la maquila Read more El Cabildo frente al espejo Read more \u00bfBlackRock detr\u00e1s de la fortaleza del peso? Read more Se le acab\u00f3 la racha al consumo mexicano: Read more J\u00e1uregui: reglas claras, medici\u00f3n y apertura para definir al mejor perfil en Chihuahua capital Read more EL EFECTO","canonical_url":"https:\/\/www.enfasis.mx\/","robots":"max-image-preview:large","keywords":"","webmasterTools":{"google-site-verification":"jlwkLGgnMBpX8ktutl9e1D8Kvl7Rh7xmXQIHtOLk65U","miscellaneous":""},"schema":{"@context":"https:\/\/schema.org","@graph":[{"@type":"BreadcrumbList","@id":"https:\/\/www.enfasis.mx\/#breadcrumblist","itemListElement":[{"@type":"ListItem","@id":"https:\/\/www.enfasis.mx#listItem","position":1,"name":"Home","item":"https:\/\/www.enfasis.mx","nextItem":{"@type":"ListItem","@id":"https:\/\/www.enfasis.mx\/#listItem","name":"Inicio"}},{"@type":"ListItem","@id":"https:\/\/www.enfasis.mx\/#listItem","position":2,"name":"Inicio","previousItem":{"@type":"ListItem","@id":"https:\/\/www.enfasis.mx#listItem","name":"Home"}}]},{"@type":"Organization","@id":"https:\/\/www.enfasis.mx\/#organization","name":"\u00c9nfasis Ser Empresario","description":"El acento en la econom\u00eda y la pol\u00edtica Grupo Editorial Fundado en 1998, su marca insignia es REVISTA SER EMPRESARIO la revista empresarial mas importante del Estado","url":"https:\/\/www.enfasis.mx\/","logo":{"@type":"ImageObject","url":"http:\/\/www.enfasis.mx\/wp-content\/uploads\/2026\/07\/Enfasis-Logo-1.png","@id":"https:\/\/www.enfasis.mx\/#organizationLogo"},"image":{"@id":"https:\/\/www.enfasis.mx\/#organizationLogo"}},{"@type":"Person","@id":"https:\/\/www.enfasis.mx\/?author=1#author","url":"https:\/\/www.enfasis.mx\/?author=1","name":"user"},{"@type":"WebPage","@id":"https:\/\/www.enfasis.mx\/#webpage","url":"https:\/\/www.enfasis.mx\/","name":"Inicio - \u00c9nfasis","description":"Ju\u00e1rez ya no puede vivir solamente de la maquila Read more El Cabildo frente al espejo Read more \u00bfBlackRock detr\u00e1s de la fortaleza del peso? Read more Se le acab\u00f3 la racha al consumo mexicano: Read more J\u00e1uregui: reglas claras, medici\u00f3n y apertura para definir al mejor perfil en Chihuahua capital Read more EL EFECTO","inLanguage":"en-US","isPartOf":{"@id":"https:\/\/www.enfasis.mx\/#website"},"breadcrumb":{"@id":"https:\/\/www.enfasis.mx\/#breadcrumblist"},"author":{"@id":"https:\/\/www.enfasis.mx\/?author=1#author"},"creator":{"@id":"https:\/\/www.enfasis.mx\/?author=1#author"},"datePublished":"2026-07-28T10:39:44-07:00","dateModified":"2026-08-21T11:07:50-07:00"},{"@type":"WebSite","@id":"https:\/\/www.enfasis.mx\/#website","url":"https:\/\/www.enfasis.mx\/","name":"\u00c9nfasis","description":"El acento en la econom\u00eda y la pol\u00edtica","inLanguage":"en-US","publisher":{"@id":"https:\/\/www.enfasis.mx\/#organization"}}]},"og:locale":"en_US","og:site_name":"\u00c9nfasis - El acento en la econom\u00eda y la pol\u00edtica","og:type":"article","og:title":"Inicio - \u00c9nfasis","og:description":"Ju\u00e1rez ya no puede vivir solamente de la maquila Read more El Cabildo frente al espejo Read more \u00bfBlackRock detr\u00e1s de la fortaleza del peso? Read more Se le acab\u00f3 la racha al consumo mexicano: Read more J\u00e1uregui: reglas claras, medici\u00f3n y apertura para definir al mejor perfil en Chihuahua capital Read more EL EFECTO","og:url":"https:\/\/www.enfasis.mx\/","og:image":"https:\/\/www.enfasis.mx\/wp-content\/uploads\/2026\/07\/Enfasis-Logo-1.png","og:image:secure_url":"https:\/\/www.enfasis.mx\/wp-content\/uploads\/2026\/07\/Enfasis-Logo-1.png","og:image:width":"500","og:image:height":"167","article:published_time":"2026-07-28T17:39:44+00:00","article:modified_time":"2026-08-21T18:07:50+00:00","twitter:card":"summary_large_image","twitter:title":"Inicio - \u00c9nfasis","twitter:description":"Ju\u00e1rez ya no puede vivir solamente de la maquila Read more El Cabildo frente al espejo Read more \u00bfBlackRock detr\u00e1s de la fortaleza del peso? Read more Se le acab\u00f3 la racha al consumo mexicano: Read more J\u00e1uregui: reglas claras, medici\u00f3n y apertura para definir al mejor perfil en Chihuahua capital Read more EL EFECTO","twitter:image":"http:\/\/www.enfasis.mx\/wp-content\/uploads\/2026\/07\/Enfasis-Logo-1.png"},"aioseo_meta_data":{"post_id":"108","title":null,"description":null,"keywords":null,"keyphrases":{"focus":{"keyphrase":"","score":0,"analysis":{"keyphraseInTitle":{"score":0,"maxScore":9,"error":1}}},"additional":[]},"primary_term":null,"canonical_url":null,"og_title":null,"og_description":null,"og_object_type":"default","og_image_type":"featured","og_image_custom_url":null,"og_image_custom_fields":null,"og_image_url":"http:\/\/www.enfasis.mx\/wp-content\/uploads\/2026\/07\/Enfasis-Logo-1.png","og_image_width":"500","og_image_height":"167","og_video":"","og_custom_url":null,"og_article_section":null,"og_article_tags":null,"twitter_use_og":true,"twitter_card":"default","twitter_image_type":"default","twitter_image_custom_url":null,"twitter_image_custom_fields":null,"twitter_image_url":null,"twitter_title":null,"twitter_description":null,"schema_type":"default","schema_type_options":null,"schema":{"blockGraphs":[],"customGraphs":[],"default":{"data":{"Article":[],"Course":[],"Dataset":[],"FAQPage":[],"Movie":[],"Person":[],"Product":[],"ProductReview":[],"Car":[],"Recipe":[],"Service":[],"SoftwareApplication":[],"WebPage":[]},"graphName":"WebPage","isEnabled":true},"graphs":[]},"pillar_content":false,"robots_default":true,"robots_noindex":false,"robots_noarchive":false,"robots_nosnippet":false,"robots_nofollow":false,"robots_noimageindex":false,"robots_noodp":false,"robots_notranslate":false,"robots_max_snippet":"-1","robots_max_videopreview":"-1","robots_max_imagepreview":"large","priority":null,"frequency":"default","local_seo":null,"limit_modified_date":false,"ai":{"faqs":[],"keyPoints":[],"schemas":[],"titles":[],"descriptions":[],"socialPosts":{"email":{"subject":"","preview":"","content":""},"linkedin":[],"twitter":[],"facebook":[],"instagram":[]}},"breadcrumb_settings":null,"seo_analyzer_scan_date":null,"created":"2026-07-28 17:32:35","updated":"2026-08-21 22:35:52"},"aioseo_breadcrumb":"<div class=\"aioseo-breadcrumbs\"><span class=\"aioseo-breadcrumb\">\n\t\t\t<a href=\"https:\/\/www.enfasis.mx\" title=\"Home\">Home<\/a>\n\t\t<\/span><span class=\"aioseo-breadcrumb-separator\">&raquo;<\/span><span class=\"aioseo-breadcrumb\">\n\t\t\tInicio\n\t\t<\/span><\/div>","aioseo_breadcrumb_json":[{"label":"Home","link":"https:\/\/www.enfasis.mx"},{"label":"Inicio","link":"https:\/\/www.enfasis.mx\/"}],"wpmagazine_modules_lite_featured_media_urls":{"thumbnail":"","cvmm-medium":"","cvmm-medium-plus":"","cvmm-portrait":"","cvmm-medium-square":"","cvmm-large":"","cvmm-small":"","full":""},"categories_names":null,"comments_number":"0","jetpack_sharing_enabled":true,"_links":{"self":[{"href":"https:\/\/www.enfasis.mx\/index.php?rest_route=\/wp\/v2\/pages\/108","targetHints":{"allow":["GET"]}}],"collection":[{"href":"https:\/\/www.enfasis.mx\/index.php?rest_route=\/wp\/v2\/pages"}],"about":[{"href":"https:\/\/www.enfasis.mx\/index.php?rest_route=\/wp\/v2\/types\/page"}],"author":[{"embeddable":true,"href":"https:\/\/www.enfasis.mx\/index.php?rest_route=\/wp\/v2\/users\/1"}],"replies":[{"embeddable":true,"href":"https:\/\/www.enfasis.mx\/index.php?rest_route=%2Fwp%2Fv2%2Fcomments&post=108"}],"version-history":[{"count":16,"href":"https:\/\/www.enfasis.mx\/index.php?rest_route=\/wp\/v2\/pages\/108\/revisions"}],"predecessor-version":[{"id":218,"href":"https:\/\/www.enfasis.mx\/index.php?rest_route=\/wp\/v2\/pages\/108\/revisions\/218"}],"wp:attachment":[{"href":"https:\/\/www.enfasis.mx\/index.php?rest_route=%2Fwp%2Fv2%2Fmedia&parent=108"}],"curies":[{"name":"wp","href":"https:\/\/api.w.org\/{rel}","templated":true}]}}